

 {"id":1185,"date":"2021-06-22T14:23:04","date_gmt":"2021-06-22T14:23:04","guid":{"rendered":"https:\/\/arbocontrol.unb.br\/?page_id=1185"},"modified":"2021-06-22T16:24:40","modified_gmt":"2021-06-22T16:24:40","slug":"centro-oeste","status":"publish","type":"page","link":"https:\/\/arbocontrol.unb.br\/?page_id=1185","title":{"rendered":"Centro-oeste"},"content":{"rendered":"\t\t<div data-elementor-type=\"wp-page\" data-elementor-id=\"1185\" class=\"elementor elementor-1185\" data-elementor-settings=\"[]\">\n\t\t\t\t\t\t\t<div class=\"elementor-section-wrap\">\n\t\t\t\t\t\t\t<section class=\"elementor-section elementor-top-section elementor-element elementor-element-2c462d7 elementor-section-boxed elementor-section-height-default elementor-section-height-default\" data-id=\"2c462d7\" data-element_type=\"section\">\n\t\t\t\t\t\t<div class=\"elementor-container elementor-column-gap-default\">\n\t\t\t\t\t<div class=\"elementor-column elementor-col-100 elementor-top-column elementor-element elementor-element-be77099\" data-id=\"be77099\" data-element_type=\"column\">\n\t\t\t<div class=\"elementor-widget-wrap elementor-element-populated\">\n\t\t\t\t\t\t\t\t<div class=\"elementor-element elementor-element-aa84f87 elementor-widget elementor-widget-heading\" data-id=\"aa84f87\" data-element_type=\"widget\" data-widget_type=\"heading.default\">\n\t\t\t\t<div class=\"elementor-widget-container\">\n\t\t\t<h2 class=\"elementor-heading-title elementor-size-default\">REGI\u00c3O CENTRO OESTE<\/h2>\t\t<\/div>\n\t\t\t\t<\/div>\n\t\t\t\t<div class=\"elementor-element elementor-element-1797b20 elementor-widget elementor-widget-image\" data-id=\"1797b20\" data-element_type=\"widget\" data-widget_type=\"image.default\">\n\t\t\t\t<div class=\"elementor-widget-container\">\n\t\t\t\t\t\t\t\t\t\t\t\t\t\t\t<img width=\"394\" height=\"385\" src=\"https:\/\/arbocontrol.unb.br\/wp-content\/uploads\/2021\/06\/mapa-centro-oeste.jpg\" class=\"attachment-large size-large\" alt=\"\" loading=\"lazy\" srcset=\"https:\/\/arbocontrol.unb.br\/wp-content\/uploads\/2021\/06\/mapa-centro-oeste.jpg 394w, https:\/\/arbocontrol.unb.br\/wp-content\/uploads\/2021\/06\/mapa-centro-oeste-300x293.jpg 300w\" sizes=\"(max-width: 394px) 100vw, 394px\" \/>\t\t\t\t\t\t\t\t\t\t\t\t\t\t\t<\/div>\n\t\t\t\t<\/div>\n\t\t\t\t<div class=\"elementor-element elementor-element-fbd2d9f elementor-widget elementor-widget-text-editor\" data-id=\"fbd2d9f\" data-element_type=\"widget\" data-widget_type=\"text-editor.default\">\n\t\t\t\t<div class=\"elementor-widget-container\">\n\t\t\t\t\t\t\t\t<p>A Regi\u00e3o Centro-Oeste \u00e9 formada por tr\u00eas estados: Mato Grosso (MT), Mato Grosso do Sul (MS) e Goi\u00e1s (GO), al\u00e9m do Distrito Federal (DF). A regi\u00e3o foi definida pelo IBGE em 1969, sendo a segunda maior em extens\u00e3o territorial do pa\u00eds com uma \u00e1rea de 1 606 403,506 km 2 e uma popula\u00e7\u00e3o estimada pelo IBGE em 2016 de 15.660.988 habitantes, a regi\u00e3o \u00e9 a menos populosa apresentando algumas concentra\u00e7\u00f5es urbanas e grandes vazios demogr\u00e1ficos. Bras\u00edlia, a capital do Brasil est\u00e1 localizada nesta regi\u00e3o. De todas as regi\u00f5es, o Centro Oeste \u00e9 a \u00fanica que faz fronteira com todas as outras regi\u00f5es e \u00e9 tamb\u00e9m a \u00fanica regi\u00e3o que n\u00e3o possui litoral.<\/p><p>O clima desta regi\u00e3o \u00e9 tropical, quente e chuvoso com pluviosidade mal distribu\u00edda, j\u00e1 que a maior parte das chuvas acontecem no ver\u00e3o entre os meses de outubro a abril, fazendo os invernos serem muito secos entre os meses de maio a setembro. O norte do estado do Mato Grosso o clima equatorial da Amaz\u00f4nia. Cidades como Bras\u00edlia, por exemplo, sofrem com a baixa umidade e secura durante boa parte do ano. As temperaturas no geral variam bastante, nas \u00e9pocas mais quentes passa dos 30\u00baC, j\u00e1 nas esta\u00e7\u00f5es frias gira entorno de 15\u00baC e 20\u00baC.<\/p><p>O relevo divide-se em Planalto Central, Meridional e Plan\u00edcie do Pantanal e a vegeta\u00e7\u00e3o t\u00edpica \u00e9 o cerrado, com \u00e1rvores e arbustos retorcidos e geralmente distantes uma das outras exceto no extremo norte mato-grossense cuja vegeta\u00e7\u00e3o \u00e9 caracterizada pela Floresta Amaz\u00f4nica. As principais bacias hidrogr\u00e1ficas da regi\u00e3o centro-oeste s\u00e3o a Amaz\u00f4nica, Tocantins\/Araguaia e Platina.<\/p><p>Economicamente a pecu\u00e1ria extensiva \u00e9 a atividade mais importante seguida da agricultura comercial e o avan\u00e7o do distrito Agroindustrial de An\u00e1polis onde se encontra o maior parque industrial do Centro Oeste com destaque para a ind\u00fastria farmac\u00eautica. O PIB da regi\u00e3o segundo o IBGE (2014) foi de 542.632 milh\u00f5es o que representa 9,38% do PIB Nacional.<\/p>\t\t\t\t\t\t<\/div>\n\t\t\t\t<\/div>\n\t\t\t\t<div class=\"elementor-element elementor-element-8735bd7 elementor-widget elementor-widget-heading\" data-id=\"8735bd7\" data-element_type=\"widget\" data-widget_type=\"heading.default\">\n\t\t\t\t<div class=\"elementor-widget-container\">\n\t\t\t<h2 class=\"elementor-heading-title elementor-size-default\">MUNIC\u00cdPIOS PESQUISADOS NA REGI\u00c3O<\/h2>\t\t<\/div>\n\t\t\t\t<\/div>\n\t\t\t\t<div class=\"elementor-element elementor-element-34ed9ce elementor-widget elementor-widget-text-editor\" data-id=\"34ed9ce\" data-element_type=\"widget\" data-widget_type=\"text-editor.default\">\n\t\t\t\t<div class=\"elementor-widget-container\">\n\t\t\t\t\t\t\t\t<p><strong>GOI\u00c2NIA (GO)<\/strong><br \/>\u00c9 a capital do estado de Goi\u00e1s, localizado no centro do estado. O munic\u00edpio foi planejado e constru\u00eddo para ser a capital pol\u00edtica e administrativa de Goi\u00e1s. Possui extens\u00e3o territorial de 728,841 km\u00b2, com popula\u00e7\u00e3o de 1.302.001 habitantes, em 2010 e com densidade demogr\u00e1fica de 1.776,74 hab\/km\u00b2 apresenta uma popula\u00e7\u00e3o estimada em 1.516.113 em 2019. A cidade sofreu um acelerado crescimento populacional ap\u00f3s a d\u00e9cada de 1960. \u00c9 a sexta maior cidade do Brasil em tamanho, com 256,8 Km 2 de \u00e1rea urbana e o d\u00e9cimo munic\u00edpio mais populoso do Brasil e a segunda cidade mais populosa do Centro-Oeste, sendo superada apenas por Bras\u00edlia.<\/p><p>Goi\u00e2nia \u00e9 um importante polo econ\u00f4mico da regi\u00e3o, sendo considerada um centro estrat\u00e9gico para \u00e1reas da ind\u00fastria, medicina, moda e agricultura. Durante a d\u00e9cada de 2000, Goi\u00e2nia destacou-se entre as capitais brasileiras por possuir o maior \u00edndice de \u00e1rea verde por habitante do Brasil.<\/p><p>Em 2010 a taxa de escolariza\u00e7\u00e3o (para pessoas de 6 a 14 anos) foi de 96.4 e realizou 158.613 matr\u00edculas no Ensino Fundamental em 2018.<\/p><p>Segundo dados do IBGE de 2016 a taxa de mortalidade infantil m\u00e9dia na cidade era de 10.85 para 1.000 nascidos vivos. O IDH municipal de 0,799, considerado alto. Dados do IBGE indicam 76% de esgotamento sanit\u00e1rio. Dados do SISAB \u2013 MS indicam, em novembro de 2018, a presen\u00e7a de 188 equipes ESF, com cobertura de 44%, indicando baixa cobertura de sa\u00fade.<\/p><p><strong>CALDAS NOVAS (GO)<\/strong><br \/>\u00c9 um munic\u00edpio do estado de Goi\u00e1s com extens\u00e3o territorial de 1.608,439 km\u00b2, e, de acordo com o IBGE, a popula\u00e7\u00e3o em 2010 era de 70.473 com densidade demogr\u00e1fica de 44,16 hab\/km 2 e a estimativa populacional em 2019 era de 91.162 habitantes. O IDH municipal de 0,733 \u00e9 considerado alto. Est\u00e1 localizada em \u00e1rea de clima quente semi \u00famido, com temperatura m\u00e9dia acima de 18\u00baC e durante quatro a cinco meses no ano o clima \u00e9 seco. Sua vegeta\u00e7\u00e3o t\u00edpica \u00e9 de Savana Arborizada.<\/p><p>A cidade encontra-se \u00e0s margens do lago da represa de Corumb\u00e1 e ao lado da Serra de Caldas. \u00c9 conhecida por ser a maior est\u00e2ncia hidrotermal do mundo, possuindo fontes de \u00e1guas que brotam do ch\u00e3o em temperaturas que variam de 43\u00b0 a 70\u00b0, com isso, a principal fonte de renda do munic\u00edpio \u00e9 o turismo voltado para estas est\u00e2ncias e o ecoturismo. Durante o ano a cidade chega a receber mais de tr\u00eas milh\u00f5es de turistas<\/p><p>No \u00e2mbito educacional, a taxa de escolariza\u00e7\u00e3o (para pessoas de 6 a 14 anos) foi de 97.3 em 2010 e registrou 12.481 matr\u00edculas no Ensino Fundamental no ano de 2018.<\/p><p>Dados do SISAB \u2013 MS indicam em novembro de 2018 o munic\u00edpio possu\u00eda 17 equipes de Estrat\u00e9gia de Sa\u00fade da Fam\u00edlia o que leva a uma cobertura de 69,08%. A taxa de mortalidade infantil m\u00e9dia na cidade \u00e9 de 16.88 para 1.000 nascidos vivos. Dados do IBGE indicam 61,5 % de esgotamento sanit\u00e1rio.<\/p><p><strong>ANAP\u00d3LIS (GO)<\/strong><br \/>Munic\u00edpio do interior de Goi\u00e1s, distante 53 Km da capital, An\u00e1polis possui extens\u00e3o territorial de 933,156 km\u00b2, com popula\u00e7\u00e3o de 334.613 pelo Censo do IBGE de 2010 e densidade demogr\u00e1fica de 358,58 hab\/km\u00b2, sua popula\u00e7\u00e3o estimada em 2019 foi de 386.923 habitantes. An\u00e1polis \u00e9 o terceiro maior munic\u00edpio em popula\u00e7\u00e3o do estado de Goi\u00e1s, o segundo maior em arrecada\u00e7\u00e3o de impostos e a segunda maior cidade do estado de Goi\u00e1s, compondo a regi\u00e3o mais desenvolvida do Centro-Oeste brasileiro, o eixo Goi\u00e2nia-An\u00e1polis-Bras\u00edlia.<\/p><p>Limita-se ao norte com os munic\u00edpios de Piren\u00f3polis e Abadi\u00e2nia, a leste com o munic\u00edpio de Silv\u00e2nia, ao sul com o munic\u00edpio de Leopoldo de Bulh\u00f5es e Goian\u00e1polis e a oeste com os munic\u00edpios de Ner\u00f3polis e Ouro Verde de Goi\u00e1s. Sua bacia hidrogr\u00e1fica \u00e9 composta pelos ribeir\u00f5es Jo\u00e3o Leite, Antas, Pianc\u00f3 e Padre Sousa.<\/p><p>O munic\u00edpio faz parte do planalto central brasileiro. O clima de An\u00e1polis \u00e9 ameno na maior parte do ano, caracterizado como do tipo tropical de altitude. A temperatura, ao longo do ano, oscila entre 8\u00baC (junho-julho) a 33\u00baC (janeiro-mar\u00e7o), mas a m\u00e9dia fica entre 18\u00baC e 23\u00b0C. Existem duas esta\u00e7\u00f5es distintas, a da seca, que coincide com o per\u00edodo de frio, e a das chuvas, que coincide com o per\u00edodo de calor. No inverno as temperaturas m\u00ednimas podem despencar para at\u00e9 6\u00b0C.<\/p><p>An\u00e1polis \u00e9 considerada a principal cidade industrial e centro log\u00edstico do Centro-Oeste brasileiro. Possui diversificada ind\u00fastria farmac\u00eautica, forte presen\u00e7a de empresas de log\u00edstica e atacadistas de secos e molhados, com economia forte. Sua economia est\u00e1 voltada para a ind\u00fastria de transforma\u00e7\u00e3o, medicamentos, com\u00e9rcio atacadista, ind\u00fastria automobil\u00edstica. De acordo com o IBGE, em 2016, apresentava um PIB per capita de R$ 35.372.45. O IDH municipal est\u00e1 em 0,737, considerado alto.<\/p><p>Em 2010, a taxa de escolariza\u00e7\u00e3o (para pessoas de 6 a 14 anos) foi de 96.3 e foram realizadas 50.458 matr\u00edculas no Ensino Fundamental em 2018.<\/p><p>Segundo dados do IBGE em 2016 a taxa de mortalidade infantil m\u00e9dia na cidade estava em 12.72 para 1.000 nascidos vivos e as interna\u00e7\u00f5es devido a diarreias estavam em 0.4 para cada 1.000 habitantes. Dados do SISAB \u2013 MS indicam em novembro de 2018 a presen\u00e7a de 54 equipes ESF garantindo uma cobertura baixa no \u00e2mbito da sa\u00fade, de 49,66%. Dados do IBGE indicam 57% de tratamento de esgoto,<\/p><p><strong>PLANALTINA (GO)<\/strong><br \/>\u00c9 um munic\u00edpio do estado de Goi\u00e1s e faz parte da Regi\u00e3o Integrada de Desenvolvimento do Distrito Federal e Entorno (RIDE). Sua extens\u00e3o territorial \u00e9 2.543,677 km\u00b2, e sua popula\u00e7\u00e3o, conforme dados do IBGE de 2010 era de 81.649, com densidade demogr\u00e1fica de 32,10 hab\/km\u00b2 e estimativa populacional para 2019 de 89.918 habitantes.<\/p><p>O clima \u00e9 quente semi\u00famido, com m\u00e9dia acima de 18\u00baC com per\u00edodos de seca que duram entre 4 a 5 meses. Sua vegeta\u00e7\u00e3o \u00e9 de Savana Arborizada sem floresta-de-galeria.<\/p><p>A economia baseia-se principalmente na agricultura de milho, mandioca, frutas c\u00edtricas e cria\u00e7\u00e3o de gado al\u00e9m de servi\u00e7os, administra\u00e7\u00e3o p\u00fablica e pequenas ind\u00fastrias. Em 2010 a taxa de escolariza\u00e7\u00e3o (para pessoas de 6 a 14 anos) foi de 96.4 e foram registradas 16.444 matr\u00edculas no Ensino Fundamental em 2018.<\/p><p>O IDH municipal de 0,669, sendo considerado m\u00e9dio. Segundo dados do SISAB \u2013 MS, em novembro de 2018, o munic\u00edpio possu\u00eda 27 equipes de ESF com cobertura de 100% no atendimento de sa\u00fade.<\/p><p>A taxa de mortalidade infantil m\u00e9dia na cidade \u00e9 de 15.98 para 1.000 nascidos vivos. Dados do IBGE indicam 24,2% de esgotamento sanit\u00e1rio.<\/p>\t\t\t\t\t\t<\/div>\n\t\t\t\t<\/div>\n\t\t\t\t\t<\/div>\n\t\t<\/div>\n\t\t\t\t\t\t\t<\/div>\n\t\t<\/section>\n\t\t\t\t\t\t<\/div>\n\t\t\t\t\t<\/div>\n\t\t","protected":false},"excerpt":{"rendered":"<p>REGI\u00c3O CENTRO OESTE A Regi\u00e3o Centro-Oeste \u00e9 formada por tr\u00eas estados: Mato Grosso (MT), Mato Grosso do Sul (MS) e Goi\u00e1s (GO), al\u00e9m do Distrito Federal (DF). A regi\u00e3o foi definida pelo IBGE em 1969, sendo a segunda maior em extens\u00e3o territorial do pa\u00eds com uma \u00e1rea de 1 606 403,506 km 2 e uma [&hellip;]<\/p>\n","protected":false},"author":9,"featured_media":0,"parent":0,"menu_order":0,"comment_status":"closed","ping_status":"closed","template":"elementor_header_footer","meta":[],"_links":{"self":[{"href":"https:\/\/arbocontrol.unb.br\/index.php?rest_route=\/wp\/v2\/pages\/1185"}],"collection":[{"href":"https:\/\/arbocontrol.unb.br\/index.php?rest_route=\/wp\/v2\/pages"}],"about":[{"href":"https:\/\/arbocontrol.unb.br\/index.php?rest_route=\/wp\/v2\/types\/page"}],"author":[{"embeddable":true,"href":"https:\/\/arbocontrol.unb.br\/index.php?rest_route=\/wp\/v2\/users\/9"}],"replies":[{"embeddable":true,"href":"https:\/\/arbocontrol.unb.br\/index.php?rest_route=%2Fwp%2Fv2%2Fcomments&post=1185"}],"version-history":[{"count":16,"href":"https:\/\/arbocontrol.unb.br\/index.php?rest_route=\/wp\/v2\/pages\/1185\/revisions"}],"predecessor-version":[{"id":1204,"href":"https:\/\/arbocontrol.unb.br\/index.php?rest_route=\/wp\/v2\/pages\/1185\/revisions\/1204"}],"wp:attachment":[{"href":"https:\/\/arbocontrol.unb.br\/index.php?rest_route=%2Fwp%2Fv2%2Fmedia&parent=1185"}],"curies":[{"name":"wp","href":"https:\/\/api.w.org\/{rel}","templated":true}]}}