

 {"id":1205,"date":"2021-06-22T16:32:03","date_gmt":"2021-06-22T16:32:03","guid":{"rendered":"https:\/\/arbocontrol.unb.br\/?page_id=1205"},"modified":"2021-06-22T16:41:36","modified_gmt":"2021-06-22T16:41:36","slug":"nordeste","status":"publish","type":"page","link":"https:\/\/arbocontrol.unb.br\/?page_id=1205","title":{"rendered":"Nordeste"},"content":{"rendered":"\t\t<div data-elementor-type=\"wp-page\" data-elementor-id=\"1205\" class=\"elementor elementor-1205\" data-elementor-settings=\"[]\">\n\t\t\t\t\t\t\t<div class=\"elementor-section-wrap\">\n\t\t\t\t\t\t\t<section class=\"elementor-section elementor-top-section elementor-element elementor-element-2c462d7 elementor-section-boxed elementor-section-height-default elementor-section-height-default\" data-id=\"2c462d7\" data-element_type=\"section\">\n\t\t\t\t\t\t<div class=\"elementor-container elementor-column-gap-default\">\n\t\t\t\t\t<div class=\"elementor-column elementor-col-100 elementor-top-column elementor-element elementor-element-be77099\" data-id=\"be77099\" data-element_type=\"column\">\n\t\t\t<div class=\"elementor-widget-wrap elementor-element-populated\">\n\t\t\t\t\t\t\t\t<div class=\"elementor-element elementor-element-aa84f87 elementor-widget elementor-widget-heading\" data-id=\"aa84f87\" data-element_type=\"widget\" data-widget_type=\"heading.default\">\n\t\t\t\t<div class=\"elementor-widget-container\">\n\t\t\t<h2 class=\"elementor-heading-title elementor-size-default\">REGI\u00c3O NORDESTE<\/h2>\t\t<\/div>\n\t\t\t\t<\/div>\n\t\t\t\t<div class=\"elementor-element elementor-element-1797b20 elementor-widget elementor-widget-image\" data-id=\"1797b20\" data-element_type=\"widget\" data-widget_type=\"image.default\">\n\t\t\t\t<div class=\"elementor-widget-container\">\n\t\t\t\t\t\t\t\t\t\t\t\t\t\t\t<img width=\"394\" height=\"411\" src=\"https:\/\/arbocontrol.unb.br\/wp-content\/uploads\/2021\/06\/mapa-nordeste.jpg\" class=\"attachment-large size-large\" alt=\"\" loading=\"lazy\" srcset=\"https:\/\/arbocontrol.unb.br\/wp-content\/uploads\/2021\/06\/mapa-nordeste.jpg 394w, https:\/\/arbocontrol.unb.br\/wp-content\/uploads\/2021\/06\/mapa-nordeste-288x300.jpg 288w\" sizes=\"(max-width: 394px) 100vw, 394px\" \/>\t\t\t\t\t\t\t\t\t\t\t\t\t\t\t<\/div>\n\t\t\t\t<\/div>\n\t\t\t\t<div class=\"elementor-element elementor-element-fbd2d9f elementor-widget elementor-widget-text-editor\" data-id=\"fbd2d9f\" data-element_type=\"widget\" data-widget_type=\"text-editor.default\">\n\t\t\t\t<div class=\"elementor-widget-container\">\n\t\t\t\t\t\t\t\t<p>A Regi\u00e3o Nordeste do Brasil possui 1.554.257,000 Km 2 de extens\u00e3o territorial sendo o terceiro maior complexo regional do pa\u00eds, correspondendo a 18,2% da \u00e1rea total do Brasil. Seu \u00cdndice de Desenvolvimento Humano (IDH), de 659, \u00e9 considerado m\u00e9dio. A regi\u00e3o \u00e9 composta por nove estados: Alagoas, Bahia, Cear\u00e1, Maranh\u00e3o, Para\u00edba, Pernambuco, Piau\u00ed, Rio Grande do Norte e Sergipe. Segundo dados do IBGE de 2010, a regi\u00e3o Nordeste possu\u00eda 53.081.950 habitantes sendo considerada a segunda regi\u00e3o mais populosa do pa\u00eds, abrigando cerca de 28% da popula\u00e7\u00e3o residente no Brasil. A densidade demogr\u00e1fica \u00e9 de 36,49 habitantes por quil\u00f4metro quadrado; o crescimento demogr\u00e1fico \u00e9 de 1,3% ao ano. A popula\u00e7\u00e3o urbana \u00e9 maioria \u2013 73%. O estado da Bahia \u00e9 o mais populoso e Sergipe possui a menor concentra\u00e7\u00e3o populacional da Regi\u00e3o.<\/p><p>O territ\u00f3rio nordestino limita-se ao oeste com a regi\u00e3o Norte, a sudoeste com a regi\u00e3o Centro-Oeste, ao sul com a regi\u00e3o Sudoeste, al\u00e9m de ser banhado ao norte e leste pelo oceano Atl\u00e2ntico. S\u00e3o identificados tr\u00eas tipos de clima na regi\u00e3o Nordeste: tropical, semi\u00e1rido e equatorial \u00famido. Por estar localizada\u00a0na zona intertropical da Terra onde grande quantidade de luz que incide na superf\u00edcie do local, a temperatura \u00e9 muito elevada durante o ano todo. O clima tropical ocorre principalmente no sul da Bahia, centro do Maranh\u00e3o e no litoral de todos os estados da regi\u00e3o, caracterizado por duas esta\u00e7\u00f5es bem definidas, sendo uma seca e uma chuvosa. O clima semi\u00e1rido abrange especialmente a regi\u00e3o central do Nordeste, onde as temperaturas s\u00e3o elevadas durante o ano todo, as chuvas s\u00e3o irregulares com ocorr\u00eancia de prolongada estiagem. O clima equatorial \u00famido \u00e9 identificado em uma restrita \u00e1rea da regi\u00e3o localizada a oeste do Maranh\u00e3o, que sofre influ\u00eancia do clima equatorial, com temperaturas elevadas e chuvas abundantes.<\/p><p>Quanto \u00e0 vegeta\u00e7\u00e3o, a regi\u00e3o apresenta grande diversidade. Ao longo das \u00e1reas litor\u00e2neas s\u00e3o encontrados mangues e vegeta\u00e7\u00e3o de dunas. Em locais onde h\u00e1 o clima tropical, como no centro-oeste da regi\u00e3o, a vegeta\u00e7\u00e3o de Cerrado \u00e9 predominante. Nas regi\u00f5es onde prevalece o clima semi\u00e1rido encontra-se a Caatinga. No extremo oeste da regi\u00e3o Nordeste, onde o clima \u00e9 o equatorial, a vegeta\u00e7\u00e3o encontrada \u00e9 a floresta Amaz\u00f4nica, al\u00e9m da ocorr\u00eancia de Mata dos Cocais.<\/p><p>A regi\u00e3o apresenta v\u00e1rios problemas de ordem socioecon\u00f4mica. Os estados nordestinos ocupam as \u00faltimas coloca\u00e7\u00f5es no ranking nacional de \u00cdndice de Desenvolvimento Humano (IDH). A taxa de mortalidade infantil \u00e9 a maior do pa\u00eds \u2013 33,2 \u00f3bitos a cada mil nascidos vivos. Cerca de 55% das resid\u00eancias n\u00e3o possuem saneamento ambiental. A expectativa de vida do nordestino \u00e9 a menor do Brasil (70 anos). Entretanto, a economia nordestina est\u00e1 em constante processo de desenvolvimento e a Regi\u00e3o vem recebendo v\u00e1rias ind\u00fastrias devido a concess\u00e3o de benef\u00edcios fiscais pelos governos estaduais como isen\u00e7\u00e3o de impostos e doa\u00e7\u00e3o de terrenos, al\u00e9m de m\u00e3o de obra mais barata. Outro elemento essencial para a economia do Nordeste \u00e9 a explora\u00e7\u00e3o de petr\u00f3leo: a regi\u00e3o \u00e9 a segunda produtora de petr\u00f3leo do pa\u00eds e a maior na extra\u00e7\u00e3o de petr\u00f3leo em terra. Possui tamb\u00e9m um dos principais polos petroqu\u00edmicos do Brasil \u2013 Cama\u00e7ari, na Bahia.<\/p><p>Devido a irregularidade das chuvas na regi\u00e3o a agricultura e a pecu\u00e1ria s\u00e3o extremamente prejudicadas. Destacam-se nesse setor a cria\u00e7\u00e3o de cabras, em raz\u00e3o da f\u00e1cil adapta\u00e7\u00e3o do animal ao clima. A cana-de-a\u00e7\u00facar \u00e9 o produto agr\u00edcola que se destaca, mas as lavouras irrigadas de frutas tropicais v\u00eam crescendo em import\u00e2ncia na produ\u00e7\u00e3o nacional. O Nordeste apresenta significativa cria\u00e7\u00e3o comercial de camar\u00e3o, concentra 97% da produ\u00e7\u00e3o nacional desse crust\u00e1ceo. O turismo \u00e9 de fundamental import\u00e2ncia na economia. O grande n\u00famero de cidades litor\u00e2neas com belas praias atrai milh\u00f5es de turistas anualmente com impacto favor\u00e1vel na economia dos munic\u00edpios.<\/p>\t\t\t\t\t\t<\/div>\n\t\t\t\t<\/div>\n\t\t\t\t<div class=\"elementor-element elementor-element-8735bd7 elementor-widget elementor-widget-heading\" data-id=\"8735bd7\" data-element_type=\"widget\" data-widget_type=\"heading.default\">\n\t\t\t\t<div class=\"elementor-widget-container\">\n\t\t\t<h2 class=\"elementor-heading-title elementor-size-default\">MUNIC\u00cdPIOS PESQUISADOS NA REGI\u00c3O NORDESTE<\/h2>\t\t<\/div>\n\t\t\t\t<\/div>\n\t\t\t\t<div class=\"elementor-element elementor-element-34ed9ce elementor-widget elementor-widget-text-editor\" data-id=\"34ed9ce\" data-element_type=\"widget\" data-widget_type=\"text-editor.default\">\n\t\t\t\t<div class=\"elementor-widget-container\">\n\t\t\t\t\t\t\t\t<p><strong>JO\u00c3O PESSOA (PB)<\/strong><br \/>\u00c9 a capital e principal centro econ\u00f4mico e financeiro do estado da Para\u00edba. Possui extens\u00e3o territorial de 211,475 km\u00b2 e segundo dados do IBGE em 2010 contava com 723.515 habitantes com densidade demogr\u00e1fica de 3.421,28 hab\/km\u00b2, IDHM \u00cdndice de desenvolvimento humano municipal de 0,763, est\u00e1 na \u00e1rea de clima tropical \u00famido, com m\u00e9dia acima de 18\u00ba C, a vegeta\u00e7\u00e3o \u00e9 de Savana Arborizada, Floresta Estacional e influ\u00eancia urbana.<\/p><p>O clima da cidade \u00e9 do tipo mediterr\u00e2neo ou nordestino seco, com temperaturas m\u00e9dias anuais de 26\u00ba C. No litoral a m\u00e9dia \u00e9 de 28o C e na \u00e1rea do Planalto da Borborema 22\u00ba C. Segundo dados do IBGE cidades, a taxa de escolariza\u00e7\u00e3o (para pessoas de 6 a 14 anos) foi de 96.9 em 2010 e houve 94.355 matr\u00edculas no ensino Fundamental em 2018.<\/p><p>Dados do SISAB \u2013 MS indicam que em novembro de 2018 havia 193 equipes de ESF no munic\u00edpio garantindo uma cobertura de 82%. Dados do IBGE indicam 70% de esgotamento sanit\u00e1rio e em 2016 houve 1,1 interna\u00e7\u00f5es por diarreia para cada 1.000 habitantes.<\/p><p><strong>CAMPINA GRANDE (PB)<\/strong><br \/>Munic\u00edpio do estado da Para\u00edba com extens\u00e3o territorial de 593,026 km\u00b2 e popula\u00e7\u00e3o de 385.123 hab em 2010, densidade demogr\u00e1fica de 648,31 hab\/km\u00b2 e, popula\u00e7\u00e3o estimada de 409.731 habitantes em 2019, segundo o IBGE. O \u00cdndice de Desenvolvimento Humano (IDH) \u00e9 de 0,720 sendo considerado alto.<\/p><p>Est\u00e1 localizada em \u00e1rea de clima tropical semi &#8211; \u00famido, com vegeta\u00e7\u00e3o de Savana-Est\u00e9pica Arborizada. Campina Grande \u00e9 considerada um dos principais polos industriais da regi\u00e3o nordeste, possuindo o segundo maior PIB entre os munic\u00edpios paraibanos, representando 15,63% do total das riquezas produzidas na Para\u00edba.\u00a0<\/p><p>Em 2010, segundo o IBGE Cidades, a taxa de escolariza\u00e7\u00e3o (para pessoas de 6 a 14 anos) foi de 97.6 e efetuou em 2018, 53.596 matr\u00edculas no Ensino Fundamental. Em 2009, o munic\u00edpio contava com 112 estabelecimentos de sa\u00fade (IBGE Cidades), mas segundo a Secretaria de Sa\u00fade de Campina Grande, em 2018 houve amplia\u00e7\u00e3o de cobertura do n\u00famero de ambul\u00e2ncias, com um aumento de seis novos carros na frota do Servi\u00e7o de Atendimento M\u00f3vel de Urg\u00eancia (SAMU 192) sendo um equipado para atendimento em \u00e1reas de dif\u00edcil acesso.<\/p><p>As Unidades de Pronto Atendimento (UPA) ganharam uma nova ambul\u00e2ncia cada uma. O Centro Especializado em Reabilita\u00e7\u00e3o (CER) recebeu um carro adaptado para o transporte de pessoas com defici\u00eancia. Um ve\u00edculo tamb\u00e9m foi entregue para o servi\u00e7o de captura de animais de rua e outro carro foi equipado para o combate do mosquito Aedes aegypti, o carro fumac\u00ea.<\/p><p>Dados do SISAB \u2013 MS indicam que em novembro de 2018 o munic\u00edpio contava com 104 equipes ESF garantindo uma cobertura de 87%. Dados do IBGE indicam 84% de esgotamento sanit\u00e1rio. Em 2016 houve 1,7 interna\u00e7\u00f5es por diarreia a cada 1.000 habitantes.<\/p><p><strong>FORTALEZA (CE)<\/strong><br \/>O munic\u00edpio de Fortaleza \u00e9 capital do estado do Cear\u00e1. Possui extens\u00e3o territorial de 314,930 km\u00b2, com 34 Km de praias e uma popula\u00e7\u00e3o em 2010 de 2.452.185 e densidade demogr\u00e1fica de 7.786,44 hab\/km\u00b2 e popula\u00e7\u00e3o estimada em 2019 pelo IBGE de 2.669.342 habitantes. O \u00cdndice de Desenvolvimento Humano (IDH) municipal \u00e9 de 0,754, considerado alto.<\/p><p>Fortaleza \u00e9 a maior cidade do Cear\u00e1 em popula\u00e7\u00e3o e a\u00a0quinta da regi\u00e3o nordeste. A regi\u00e3o metropolitana de Fortaleza \u00e9 a sexta mais populosa do Brasil e a primeira do Norte e Nordeste. \u00c9 um importante centro industrial e comercial do Brasil. No turismo, de acordo com o Minist\u00e9rio do Turismo, a cidade alcan\u00e7ou as marcas de segundo destino mais desejado do Brasil e quarta cidade brasileira que mais recebe turistas.<\/p><p>O munic\u00edpio est\u00e1 localizado na \u00e1rea de clima tropical semi\u00e1rido, com temperatura m\u00e9dia acima de 18\u00ba C e vegeta\u00e7\u00e3o t\u00edpica de Savana-Est\u00e9pica, com palmeiras e influ\u00eancia urbana. Em 2010, a taxa de escolariza\u00e7\u00e3o (para pessoas de 6 a 14 anos) foi de 96.1 e foram efetuadas 300.444 matr\u00edculas no Ensino Fundamental em 2018. Isso posicionava o munic\u00edpio na posi\u00e7\u00e3o 161 de 184 dentre as cidades do estado e na posi\u00e7\u00e3o 4499 de 5570 dentre as cidades do Brasil.<\/p><p>Dados do IBGE Cidades informa que em 2009 existiam 187 estabelecimentos de sa\u00fade (SUS) no munic\u00edpio. O SISAB \u2013 MS indica que em novembro de 2018 havia 333 equipes ESF garantindo uma cobertura de 43%. Dados do IBGE indicam 74% de esgotamento sanit\u00e1rio. A taxa de mortalidade infantil m\u00e9dia na cidade \u00e9 de 11.5 para 1.000 nascidos vivos. As interna\u00e7\u00f5es devido a diarreias s\u00e3o de 1.4 para cada 1.000 habitantes.<\/p>\t\t\t\t\t\t<\/div>\n\t\t\t\t<\/div>\n\t\t\t\t\t<\/div>\n\t\t<\/div>\n\t\t\t\t\t\t\t<\/div>\n\t\t<\/section>\n\t\t\t\t\t\t<\/div>\n\t\t\t\t\t<\/div>\n\t\t","protected":false},"excerpt":{"rendered":"<p>REGI\u00c3O NORDESTE A Regi\u00e3o Nordeste do Brasil possui 1.554.257,000 Km 2 de extens\u00e3o territorial sendo o terceiro maior complexo regional do pa\u00eds, correspondendo a 18,2% da \u00e1rea total do Brasil. Seu \u00cdndice de Desenvolvimento Humano (IDH), de 659, \u00e9 considerado m\u00e9dio. A regi\u00e3o \u00e9 composta por nove estados: Alagoas, Bahia, Cear\u00e1, Maranh\u00e3o, Para\u00edba, Pernambuco, Piau\u00ed, [&hellip;]<\/p>\n","protected":false},"author":9,"featured_media":0,"parent":0,"menu_order":0,"comment_status":"closed","ping_status":"closed","template":"elementor_header_footer","meta":[],"_links":{"self":[{"href":"https:\/\/arbocontrol.unb.br\/index.php?rest_route=\/wp\/v2\/pages\/1205"}],"collection":[{"href":"https:\/\/arbocontrol.unb.br\/index.php?rest_route=\/wp\/v2\/pages"}],"about":[{"href":"https:\/\/arbocontrol.unb.br\/index.php?rest_route=\/wp\/v2\/types\/page"}],"author":[{"embeddable":true,"href":"https:\/\/arbocontrol.unb.br\/index.php?rest_route=\/wp\/v2\/users\/9"}],"replies":[{"embeddable":true,"href":"https:\/\/arbocontrol.unb.br\/index.php?rest_route=%2Fwp%2Fv2%2Fcomments&post=1205"}],"version-history":[{"count":4,"href":"https:\/\/arbocontrol.unb.br\/index.php?rest_route=\/wp\/v2\/pages\/1205\/revisions"}],"predecessor-version":[{"id":1211,"href":"https:\/\/arbocontrol.unb.br\/index.php?rest_route=\/wp\/v2\/pages\/1205\/revisions\/1211"}],"wp:attachment":[{"href":"https:\/\/arbocontrol.unb.br\/index.php?rest_route=%2Fwp%2Fv2%2Fmedia&parent=1205"}],"curies":[{"name":"wp","href":"https:\/\/api.w.org\/{rel}","templated":true}]}}