

 {"id":1415,"date":"2021-06-23T21:14:04","date_gmt":"2021-06-23T21:14:04","guid":{"rendered":"https:\/\/arbocontrol.unb.br\/?page_id=1415"},"modified":"2021-06-23T21:18:24","modified_gmt":"2021-06-23T21:18:24","slug":"dissertacoes","status":"publish","type":"page","link":"https:\/\/arbocontrol.unb.br\/?page_id=1415","title":{"rendered":"Disserta\u00e7\u00f5es"},"content":{"rendered":"\t\t<div data-elementor-type=\"wp-page\" data-elementor-id=\"1415\" class=\"elementor elementor-1415\" data-elementor-settings=\"[]\">\n\t\t\t\t\t\t\t<div class=\"elementor-section-wrap\">\n\t\t\t\t\t\t\t<section class=\"elementor-section elementor-top-section elementor-element elementor-element-2c462d7 elementor-section-boxed elementor-section-height-default elementor-section-height-default\" data-id=\"2c462d7\" data-element_type=\"section\">\n\t\t\t\t\t\t<div class=\"elementor-container elementor-column-gap-default\">\n\t\t\t\t\t<div class=\"elementor-column elementor-col-100 elementor-top-column elementor-element elementor-element-be77099\" data-id=\"be77099\" data-element_type=\"column\">\n\t\t\t<div class=\"elementor-widget-wrap elementor-element-populated\">\n\t\t\t\t\t\t\t\t<div class=\"elementor-element elementor-element-aa84f87 elementor-widget elementor-widget-heading\" data-id=\"aa84f87\" data-element_type=\"widget\" data-widget_type=\"heading.default\">\n\t\t\t\t<div class=\"elementor-widget-container\">\n\t\t\t<h2 class=\"elementor-heading-title elementor-size-default\">Disserta\u00e7\u00f5es<\/h2>\t\t<\/div>\n\t\t\t\t<\/div>\n\t\t\t\t<div class=\"elementor-element elementor-element-fbd2d9f elementor-widget elementor-widget-text-editor\" data-id=\"fbd2d9f\" data-element_type=\"widget\" data-widget_type=\"text-editor.default\">\n\t\t\t\t<div class=\"elementor-widget-container\">\n\t\t\t\t\t\t\t\t<p><strong>Confira abaixo o resumo das disserta\u00e7\u00f5es;<\/strong><\/p><p><strong>T\u00edtulo:<\/strong><br \/>Perfil epidemiol\u00f3gico da Raiva Humana no Brasil, 2000 \u2013 2017<\/p><p><strong>T\u00edtulo:<\/strong><br \/>Oferta e qualidade da promo\u00e7\u00e3o do Aleitamento Materno na Aten\u00e7\u00e3o B\u00e1sica do Brasil<\/p><p><strong>T\u00edtulo:<\/strong><br \/>A \u00e1gua pot\u00e1vel nos Objetivos de Desenvolvimento Sustent\u00e1vel (ODS): um olhar do setor sa\u00fade<\/p><p><strong>T\u00edtulo:<\/strong><br \/>Fatores de risco e fatores de prote\u00e7\u00e3o decorrentes do uso de crack em um caps ad no distrito federal: uma abordagem qualitativa<\/p><p><strong>T\u00edtulo:<\/strong><br \/>An\u00e1lise do Perfil das Interna\u00e7\u00f5es por Condi\u00e7\u00f5es Sens\u00edveis \u00e0 Aten\u00e7\u00e3o Prim\u00e1ria em uma Regi\u00e3o de Sa\u00fade do Distrito Federal<\/p><p><strong>T\u00edtulo:<\/strong><br \/>Contribui\u00e7\u00f5es da literatura para a forma\u00e7\u00e3o do profissional de sa\u00fade: carolina maria de jesus e equidade racial<\/p><p><strong>T\u00edtulo:<\/strong><br \/>Oferta de servi\u00e7os especializados em reabilita\u00e7\u00e3o no \u00e2mbito da rede de cuidados \u00e0 pessoa com defici\u00eancia: an\u00e1lise do perfil dos estabelecimentos e cobertura regional entre 2012 e 2017<\/p><p><strong>T\u00edtulo:<\/strong><br \/>A cena lgbt na rede humanizasus: um ciberespa\u00e7o da sa\u00fade p\u00fablica<\/p><p><strong>T\u00edtulo:<\/strong><br \/>Projeto mais m\u00e9dicos na sa\u00fade ind\u00edgena no brasil: perfil e cobertura dos profissionais nos distritos sanit\u00e1rios especiais ind\u00edgenas \u2013 DSEI<\/p><p><strong>T\u00edtulo:<\/strong><br \/>S\u00edfilis em jovens conscritos brasileiros: uma investiga\u00e7\u00e3o<\/p><p><strong>T\u00edtulo:<\/strong><br \/>Estresse parental em cuidadores prim\u00e1rios de crian\u00e7as com evid\u00eancia de infec\u00e7\u00e3o cong\u00eanita pelo v\u00edrus Zika em munic\u00edpios do Nordeste brasileiro, 2017<\/p><p><strong>T\u00edtulo:<\/strong><br \/>A experi\u00eancia de idosos em p\u00f3s-operat\u00f3rio de artroplastia total de quadril: da incapacidade \u00e0 independ\u00eancia.<\/p><p><strong>T\u00edtulo:<\/strong><br \/>Regula\u00e7\u00e3o do acesso em sa\u00fade: uma an\u00e1lise das filas e o tempo de espera para consultas m\u00e9dicas especializadas no Distrito Federal<\/p><p><strong>T\u00edtulo:<\/strong><br \/>Fomento \u00e0 Pesquisa no Minist\u00e9rio da Sa\u00fade na Perspectiva do Programa de Apoio ao Desenvolvimento Institucional do SUS<\/p><p><strong>T\u00edtulo:<\/strong><br \/>Perfil epidemiol\u00f3gico das intoxica\u00e7\u00f5es por agrot\u00f3xicos relacionadas \u00e0s tentativas de suic\u00eddios no paran\u00e1, de 2007 a 2016<\/p><p><strong>T\u00edtulo:<\/strong><br \/>Cobertura das a\u00e7\u00f5es de Vigil\u00e2ncia da Qualidade da \u00c1gua para consumo humano e indicadores de vulnerabilidade social nos munic\u00edpios do Semi\u00e1rido nordestino.<\/p><p><strong>T\u00edtulo:<\/strong><br \/>Comunica\u00e7\u00e3o educativa em sa\u00fade: a experi\u00eancia das escolas em dois munic\u00edpios brasileiros na preven\u00e7\u00e3o das arboviroses<\/p><p><strong>T\u00edtulo<\/strong>:<br \/>O apoio matricial como estrat\u00e9gia para o fortalecimento da rede de aten\u00e7\u00e3o psicossocial no distrito federal<\/p><p><strong>T\u00edtulo:<\/strong><br \/>A percep\u00e7\u00e3o dos agentes comunit\u00e1rios de sa\u00fade e dos agentes de combate \u00e0s endemias sobre a comunica\u00e7\u00e3o de risco das arboviroses emergentes no brasil: dengue, zika e chikungunya<\/p>\t\t\t\t\t\t<\/div>\n\t\t\t\t<\/div>\n\t\t\t\t\t<\/div>\n\t\t<\/div>\n\t\t\t\t\t\t\t<\/div>\n\t\t<\/section>\n\t\t\t\t\t\t<\/div>\n\t\t\t\t\t<\/div>\n\t\t","protected":false},"excerpt":{"rendered":"<p>Disserta\u00e7\u00f5es Confira abaixo o resumo das disserta\u00e7\u00f5es; T\u00edtulo:Perfil epidemiol\u00f3gico da Raiva Humana no Brasil, 2000 \u2013 2017 T\u00edtulo:Oferta e qualidade da promo\u00e7\u00e3o do Aleitamento Materno na Aten\u00e7\u00e3o B\u00e1sica do Brasil T\u00edtulo:A \u00e1gua pot\u00e1vel nos Objetivos de Desenvolvimento Sustent\u00e1vel (ODS): um olhar do setor sa\u00fade T\u00edtulo:Fatores de risco e fatores de prote\u00e7\u00e3o decorrentes do uso de [&hellip;]<\/p>\n","protected":false},"author":9,"featured_media":0,"parent":0,"menu_order":0,"comment_status":"closed","ping_status":"closed","template":"elementor_header_footer","meta":[],"_links":{"self":[{"href":"https:\/\/arbocontrol.unb.br\/index.php?rest_route=\/wp\/v2\/pages\/1415"}],"collection":[{"href":"https:\/\/arbocontrol.unb.br\/index.php?rest_route=\/wp\/v2\/pages"}],"about":[{"href":"https:\/\/arbocontrol.unb.br\/index.php?rest_route=\/wp\/v2\/types\/page"}],"author":[{"embeddable":true,"href":"https:\/\/arbocontrol.unb.br\/index.php?rest_route=\/wp\/v2\/users\/9"}],"replies":[{"embeddable":true,"href":"https:\/\/arbocontrol.unb.br\/index.php?rest_route=%2Fwp%2Fv2%2Fcomments&post=1415"}],"version-history":[{"count":4,"href":"https:\/\/arbocontrol.unb.br\/index.php?rest_route=\/wp\/v2\/pages\/1415\/revisions"}],"predecessor-version":[{"id":1419,"href":"https:\/\/arbocontrol.unb.br\/index.php?rest_route=\/wp\/v2\/pages\/1415\/revisions\/1419"}],"wp:attachment":[{"href":"https:\/\/arbocontrol.unb.br\/index.php?rest_route=%2Fwp%2Fv2%2Fmedia&parent=1415"}],"curies":[{"name":"wp","href":"https:\/\/api.w.org\/{rel}","templated":true}]}}